{"id":55,"date":"2015-11-07T01:18:10","date_gmt":"2015-11-07T00:18:10","guid":{"rendered":"http:\/\/tomheithoff.de\/wordpress\/?page_id=55"},"modified":"2025-11-08T15:08:57","modified_gmt":"2025-11-08T14:08:57","slug":"sendungen","status":"publish","type":"page","link":"https:\/\/tomheithoff.de\/?page_id=55","title":{"rendered":"Sendungen \/ Wettbewerbe"},"content":{"rendered":"<p class=\"western\"><span style=\"color: #000000;\">2025<\/span><\/p>\n<table width=\"644\" cellspacing=\"0\" cellpadding=\"8\">\n<colgroup>\n<col width=\"626\" \/><\/colgroup>\n<tbody>\n<tr>\n<td bgcolor=\"#d8d7cb\" width=\"626\">\n<p class=\"western\"><span style=\"color: #000000;\">\u00a0 \u00a0 Rundfunksendungen:<\/span><\/p>\n<p><span style=\"color: #000000;\"><strong>\u00a0 \u00a0 Hundelebensberatung <\/strong>\u00a0am 4.3. um 20 Uhr 10 im Deutschlandfunk<\/span><\/p>\n<p><span style=\"color: #000000;\"><strong>\u00a0 \u00a0 Pyramidenkorrektur <\/strong>\u00a0am 1.7. um 20 Uhr 05 im Deutschlandfunk<\/span><\/p>\n<p><span style=\"color: #000000;\"><strong>\u00a0 \u00a0 Dummrum <\/strong>\u00a0am 6.11. um 22 Uhr 05 im Deutschlandfunk Kultur\/ Freispiel<\/span><\/td>\n<\/tr>\n<\/tbody>\n<\/table>\n<p>___________________<\/p>\n<p>&nbsp;<\/p>\n<p class=\"western\"><span style=\"color: #000000;\">2024<\/span><\/p>\n<table style=\"height: 107px;\" width=\"629\" cellspacing=\"0\" cellpadding=\"8\">\n<colgroup>\n<col width=\"626\" \/><\/colgroup>\n<tbody>\n<tr>\n<td bgcolor=\"#d8d7cb\" width=\"626\">\n<p class=\"western\" style=\"padding-left: 40px;\"><span style=\"color: #000000;\">Rundfunksendungen:<\/span><\/p>\n<p><span style=\"color: #000000;\"><strong>\u00a0 \u00a0 \u00a0 \u00a0 \u00a0 Pyramidenkorrektur\u00a0<\/strong>am 24. 11. um 17 Uhr 04 auf wdr 5<\/span><\/p>\n<p class=\"western\" style=\"padding-left: 40px;\"><span style=\"color: #000000;\"><strong>Der Mitfahrer<\/strong> Feature-Serie in <strong>10<\/strong> Folgen (drei neue Episoden) 19.10. &#8211; 21.12., samstags um 16 Uhr 45 auf DLF Kultur im Magazin &#8222;Echtzeit&#8220;<\/span><\/p>\n<\/td>\n<\/tr>\n<\/tbody>\n<\/table>\n<p>___________________<\/p>\n<p>&nbsp;<\/p>\n<p class=\"western\"><span style=\"color: #000000;\">2023<\/span><\/p>\n<table style=\"height: 107px;\" width=\"629\" cellspacing=\"0\" cellpadding=\"8\">\n<colgroup>\n<col width=\"626\" \/><\/colgroup>\n<tbody>\n<tr>\n<td bgcolor=\"#d8d7cb\" width=\"626\">\n<p class=\"western\" style=\"padding-left: 40px;\"><span style=\"color: #000000;\">Rundfunksendungen:<\/span><\/p>\n<p class=\"western\" style=\"padding-left: 40px;\"><span style=\"color: #000000;\">Beteiligung am St\u00fcck <strong>H\u00f6rspielhacking<\/strong> von blablabor am 13. 10. 2023 um 0 Uhr 05 auf DLF Kultur und am 29.10. um 22 Uhr 05 auf ORF 1<\/span><\/p>\n<\/td>\n<\/tr>\n<\/tbody>\n<\/table>\n<p>___________________<\/p>\n<p>&nbsp;<\/p>\n<p><span style=\"color: #000000;\">2022<\/span><\/p>\n<table width=\"644\" cellspacing=\"0\" cellpadding=\"8\">\n<colgroup>\n<col width=\"626\" \/><\/colgroup>\n<tbody>\n<tr>\n<td bgcolor=\"#d8d7cb\" width=\"626\">\n<p class=\"western\" style=\"padding-left: 40px;\"><span style=\"color: #000000;\">Rundfunksendungen:<\/span><\/p>\n<p style=\"padding-left: 40px;\"><span style=\"color: #000000;\"><strong>Pyramidenkorrektur<\/strong> (Ursendung) 26.11.um 23 Uhr auf HR2 Kultur<\/span><\/p>\n<p style=\"padding-left: 40px;\"><span style=\"color: #000000;\"><strong>Der Mitfahrer<\/strong> Feature-Serie in 7 Folgen 17.9. -29.10., samstags um 16 Uhr 45 auf DLF Kultur im Magazin &#8222;Echtzeit&#8220;<\/span><\/p>\n<p style=\"padding-left: 40px;\"><span style=\"color: #000000;\"><strong>Hundelebensberatung <\/strong>\u00a013 . Januar um 22 Uhr 03\u00a0 auf DLF Kultur Freispiel<\/span><\/p>\n<p style=\"padding-left: 40px;\"><span style=\"color: #000000;\"><strong>Dummrum<\/strong> am 7. Januar um 20 Uhr auf Radio Lora. Wiederholung\u00a0auf DAB+ am folgenden Montag 10. Januar 2022 von 11 bis 12 Uhr und 15 bis 16 Uhr.<\/span><\/p>\n<\/td>\n<\/tr>\n<\/tbody>\n<\/table>\n<p>___________________<\/p>\n<p>&nbsp;<\/p>\n<p class=\"western\"><span style=\"color: #000000;\">2021<\/span><\/p>\n<table width=\"644\" cellspacing=\"0\" cellpadding=\"8\">\n<colgroup>\n<col width=\"626\" \/><\/colgroup>\n<tbody>\n<tr>\n<td bgcolor=\"#d8d7cb\" width=\"626\">\n<p class=\"western\" style=\"padding-left: 40px;\"><span style=\"color: #000000;\"><strong>Rundfunksendungen:<\/strong><\/span><\/p>\n<p style=\"padding-left: 40px;\"><span style=\"color: #000000;\"><strong>Mehrspuriges Arbeitsende<\/strong> Kurzfeature 19. September um 19 Uhr 30 auf Swr 2 Mehrspur<\/span><\/p>\n<p style=\"padding-left: 40px;\"><span style=\"color: #000000;\"><strong>Australien oder Juis<\/strong>t Kurzfeature 18. Juli um 19 Uhr 30 auf Swr 2 Mehrspur<\/span><\/p>\n<p style=\"padding-left: 40px;\"><span style=\"color: #000000;\"><strong>Erstmal aufh\u00f6ren<\/strong> Kurzfeature 13. Juni um 19 Uhr 30 auf SWR 2 Mehrspur<\/span><\/p>\n<p style=\"padding-left: 40px;\"><span style=\"color: #000000;\"><strong>Entschuldigung<\/strong> Kurzfeature 24. Mai um 19 30 auf SWR 2 Mehrspur<\/span><\/p>\n<p style=\"padding-left: 40px;\"><span style=\"color: #000000;\"><strong>Was kann wohl sch\u00f6ner sein\u00a0<\/strong>Kurzfeature 25. April um 19 Uhr 30 auf Swr 2 Mehrspur<\/span><\/p>\n<p style=\"padding-left: 40px;\"><span style=\"color: #000000;\"><strong>Radio Anja <\/strong>von<strong> Blablabor (Mitwirkung)<\/strong> 4. April 23 Uhr ORF 1<\/span><\/p>\n<p style=\"padding-left: 40px;\"><span style=\"color: #000000;\"><strong>Unkraut vergeht doch <\/strong>Kurzfeature 28. M\u00e4rz um 19 Uhr 30 auf Swr 2 Mehrspur<\/span><\/p>\n<p style=\"padding-left: 40px;\"><span style=\"color: #000000;\"><strong>Akkordeonistenvernichtung<\/strong> am 6. Januar um 22 Uhr 50 auf DLF Kultur<\/span><\/p>\n<\/td>\n<\/tr>\n<\/tbody>\n<\/table>\n<p>___________________<\/p>\n<p>&nbsp;<\/p>\n<p class=\"western\"><span style=\"color: #000000;\">2020<\/span><\/p>\n<p><strong>Drei schwarze Regenschirme <\/strong> im Wettbewerb des Berliner H\u00f6rspielfestivals (Kategorie Langh\u00f6rspiel)<\/p>\n<table width=\"644\" cellspacing=\"0\" cellpadding=\"8\">\n<colgroup>\n<col width=\"626\" \/><\/colgroup>\n<tbody>\n<tr>\n<td bgcolor=\"#d8d7cb\" width=\"626\">\n<p class=\"western\"><span style=\"color: #000000;\">Rundfunksendungen:<\/span><\/p>\n<p><span style=\"color: #000000;\"><strong>Hundelebensberatung (Serienfassung 9x)<\/strong>\u00a0 ab 4. Januar samstags gegen 16 Uhr 45 auf DLF Kultur<\/span><\/td>\n<\/tr>\n<\/tbody>\n<\/table>\n<p>___________________<\/p>\n<p>&nbsp;<\/p>\n<p class=\"western\"><span style=\"color: #000000;\">2019<\/span><\/p>\n<p class=\"western\"><strong>Dummrum<\/strong>\u00a0wurde zu den \u00d6sterreichischen H\u00f6rspieltagen in Hainburg \/Donau eingeladen und mit dem &#8222;Szlabbesz&#8220; ausgezeichnet.<\/p>\n<table width=\"644\" cellspacing=\"0\" cellpadding=\"8\">\n<colgroup>\n<col width=\"626\" \/><\/colgroup>\n<tbody>\n<tr>\n<td bgcolor=\"#d8d7cb\" width=\"626\">\n<p class=\"western\"><span style=\"color: #000000;\">Rundfunksendungen:<\/span><\/p>\n<p><span style=\"color: #000000;\"><strong>Dummrum <\/strong>\u00a0am 30.12. um 22 Uhr 10 auf MDR Kultur<\/span><br \/>\n<span style=\"color: #000000;\"><strong>Dummrum <\/strong>\u00a0am 12.10. um 20 Uhr 05 auf DLF<\/span><br \/>\n<span style=\"color: #000000;\"><strong>Hundelebensberatung <\/strong>\u00a0am 8.10. um 20 Uhr 10 auf DLF<\/span><br \/>\n<span style=\"color: #000000;\"><strong>Dummrum <\/strong>\u00a0am 21.9. um 20 Uhr auf SRF 2 Kultur<\/span><br \/>\n<span style=\"color: #000000;\"><strong>Dummrum <\/strong>\u00a0am 11.8. um 17 Uhr 05 auf WDR 5<\/span><br \/>\n<span style=\"color: #000000;\"><strong>Dummrum <\/strong>\u00a0 am 10.8. um 19 Uhr 04 auf WDR 3<\/span><br \/>\n<span style=\"color: #000000;\"><strong>La vie en rose (Serienfassung (8x) <\/strong>\u00a0ab 29.6. samstags gegen 16 Uhr 45 auf Deutschlandfunk Kultur<\/span><br \/>\n<strong><span style=\"color: #000000;\">Hundelebensberatung<\/span><\/strong><span style=\"color: #000000;\"> am 10.2.\u00a0<\/span><span style=\"color: #000000;\"><span style=\"caret-color: #000000;\">auf<\/span>\u00a019 Uhr 04 uf WDR 3 und 11.2. um 23 Uhr auf WDR 1<\/span><br \/>\n<span style=\"color: #000000;\"><strong>Dummrum\u00a0<\/strong>(Langfassung) Ursendung am 7.1. um 0 Uhr 05 auf Deutschlandfunk Kultur<\/span><\/td>\n<\/tr>\n<\/tbody>\n<\/table>\n<p>_______________<\/p>\n<p>&nbsp;<\/p>\n<p class=\"western\"><span style=\"color: #000000;\">2018<\/span><\/p>\n<p><strong>2550<\/strong>\u00a0erhielt den 2. Preis beim Karlsruher Dokka Festival\/ dokublog (Kategorie Kurzdoku)<\/p>\n<p><strong>Dummrum<\/strong>\u00a0erhielt den 2. Preis beim Berliner H\u00f6rspielfestival (Kategorie Bestes Langh\u00f6rspiel)<\/p>\n<table width=\"644\" cellspacing=\"0\" cellpadding=\"8\">\n<colgroup>\n<col width=\"626\" \/><\/colgroup>\n<tbody>\n<tr>\n<td bgcolor=\"#d8d7cb\" width=\"626\">\n<p class=\"western\"><span style=\"color: #000000;\">Rundfunksendungen:<\/span><\/p>\n<p><span style=\"color: #000000;\"><strong>2550\u00a0<\/strong>auf swr2 Mehrspur am 29.7. um 19 Uhr 30<\/span><br \/>\n<span style=\"color: #000000;\"><strong>Der Aufstand<\/strong> auf BR2 am 6.7. um 21 Uhr 05<\/span><br \/>\n<span style=\"color: #000000;\"><strong>2550<\/strong> auf swr2 Leben am 29.6. um 10 Uhr 05<\/span><br \/>\n<span style=\"color: #000000;\"><strong>Dom<\/strong> auf HR 2 am 19. 5. um 9 Uhr<\/span><br \/>\n<span style=\"color: #000000;\"><strong>Der Aufstand<\/strong>\u00a0und <strong>Stechen, Brennen, Hobeln<\/strong>\u00a0auf SRF 2 am 17.3. um 20 Uhr<\/span><br \/>\n<span style=\"color: #000000;\"> <strong>Der Aufstand<\/strong> im Deutschlandfunk am 2. Januar um 20 Uhr 10<\/span><\/td>\n<\/tr>\n<\/tbody>\n<\/table>\n<p>___________________<\/p>\n<p>&nbsp;<\/p>\n<p class=\"western\"><span style=\"color: #000000;\">2017<\/span><\/p>\n<p><strong>Kein Blut sehn<\/strong>\u00a0erhielt den 2. Preis beim Karlsruher Dokka Festival (Kategorie Kurzdoku)<\/p>\n<p><strong>Stechen, Brennen, Hobeln<\/strong> gewann den 2. Preis beim Berliner H\u00f6rspielfestival (Kategorie bis 20 Minuten)<\/p>\n<table width=\"644\" cellspacing=\"0\" cellpadding=\"8\">\n<colgroup>\n<col width=\"626\" \/><\/colgroup>\n<tbody>\n<tr>\n<td bgcolor=\"#d8d7cb\" width=\"626\">\n<p class=\"western\"><span style=\"color: #000000;\">Rundfunksendungen:<\/span><\/p>\n<p><span style=\"color: #000000;\"><strong>Die L\u00fccke<\/strong> auf Deutschlandfunk Kultur \/Kurzstrecke am 25. Dezember um 0 Uhr 05\u00a0<\/span><br \/>\n<span style=\"color: #000000;\"><strong>Die L\u00fccke<\/strong> im Schweizer Rundfunk SRF 2 am 24. September um ca. 17 Uhr 35<\/span><br \/>\n<span style=\"color: #000000;\"> <strong>Der Aufstand<\/strong>\u00a0(Ursendung) auf SWR 2 Tandem am 11. Juli um 19 Uhr 20<\/span><br \/>\n<span style=\"color: #000000;\"> <strong>Idiot des Jahres<\/strong>\u00a0und <strong>Die L\u00fccke<\/strong> auf Radio Lora \u00a07. Juli um 20 Uhr<\/span><br \/>\n<span style=\"color: #000000;\"> <strong>Dummrum H\u00f6rspiel-Serie in 12 Folgen\u00a0<\/strong>auf Deutschlandradio Kultur \/ Echtzeit vom 20. Mai bis 12. August, jeweils samstags gegen 16 Uhr 50<\/span><br \/>\n<span style=\"color: #000000;\"><strong>Kein Blut sehn<\/strong> auf swr 2 Mehrspur am 9. Juli um 19 Uhr 30<\/span><br \/>\n<span style=\"color: #000000;\"><strong>Kein Blut sehn<\/strong> swr 2 Tandem am 26. Juni um 10 Uhr 05 und 19 Uhr 20<\/span><br \/>\n<span style=\"color: #000000;\"> <strong>Hundelebensberatung <\/strong>auf Radio Lora<strong>\u00a0<\/strong>am 5. Mai um 20 Uhr.<\/span><\/td>\n<\/tr>\n<\/tbody>\n<\/table>\n<p>___________________<\/p>\n<p>&nbsp;<\/p>\n<p class=\"western\"><span style=\"color: #000000;\">2016<\/span><\/p>\n<p class=\"western\"><span style=\"color: #000000;\"><strong>Die L\u00fccke<\/strong>\u00a0 f\u00fcr den ARD-Kurzh\u00f6rspielwettbewerb Pinball nominiert<\/span><\/p>\n<p class=\"western\"><span style=\"color: #000000;\">Jurymitglied (Kategorie Langh\u00f6rspiel) beim Berliner H\u00f6rspielfestival April 2016<\/span><\/p>\n<table width=\"644\" cellspacing=\"0\" cellpadding=\"8\">\n<colgroup>\n<col width=\"626\" \/><\/colgroup>\n<tbody>\n<tr>\n<td bgcolor=\"#d8d7cb\" width=\"626\">\n<p class=\"western\"><span style=\"color: #000000;\">Rundfunksendungen:<\/span><\/p>\n<p><span style=\"color: #000000;\"><strong>Die L\u00fccke<\/strong> auf swr 2 \/ Tandem 18. Oktober um 19 Uhr 20<\/span><br \/>\n<span style=\"color: #000000;\"><strong>Hundelebensberatung als Serie <\/strong>auf Deutschlandradio Kultur \/ Echtzeit vom 14. Mai bis 9. Juli<\/span><br \/>\n<span style=\"color: #000000;\"><strong>Hundelebensberatung <\/strong>auf HR2<strong>\u00a0<\/strong>am 15. Mai um 14 Uhr 05<\/span><br \/>\n<span style=\"color: #000000;\"><strong>La vie en rose &#8211; Vom Leben und \u00dcberleben in Paris<\/strong>\u00a0 (Langfassung) auf Deutschlandradio Kultur &#8222;Freispiel&#8220; am 4. Januar um 0 Uhr 05. Anschlie\u00dfendes Gespr\u00e4ch mit Annette Sch\u00e4fer.<\/span><\/td>\n<\/tr>\n<\/tbody>\n<\/table>\n<p><span style=\"color: #000000;\">___________________<\/span><\/p>\n<p class=\"western\"><span style=\"color: #000000;\">2015<\/span><\/p>\n<p><span style=\"color: #000000;\">1. Preis beim Berliner H\u00f6rspielfestival (Kategorie Bestes Langh\u00f6rspiel) f\u00fcr <strong>La vie en rose &#8211; Vom Leben und \u00dcberleben in Paris<\/strong>.<\/span><\/p>\n<table width=\"644\" cellspacing=\"0\" cellpadding=\"8\">\n<colgroup>\n<col width=\"626\" \/> <\/colgroup>\n<tbody>\n<tr>\n<td bgcolor=\"#d8d7cb\" width=\"626\">\n<p class=\"western\"><span style=\"color: #000000;\">Rundfunksendungen:<\/span><\/p>\n<p><span style=\"color: #000000;\"><strong>La vie en rose &#8211; Vom Leben und \u00dcberleben in Paris<\/strong>\u00a0 (Langfassung) auf Deutschlandradio Kultur &#8222;Echtzeit&#8220; am 2.5. um 16 Uhr 05.<\/span><br \/>\n<span style=\"color: #000000;\"> <strong>Akkordeonistenvernichtung<\/strong> auf swr 2 &#8222;Tandem&#8220; am 12.5. um 19 Uhr 20.<\/span><br \/>\n<span style=\"color: #000000;\"> <strong>Gel\u00f6st, entspannt und locker<\/strong> auf Radio Blau am 13.6. um 16 Uhr.<\/span><br \/>\n<span style=\"color: #000000;\"> <strong>La vie en rose &#8211; Vom Leben und \u00dcberleben in Paris<\/strong>\u00a0 (Langfassung) auf swr 2 am 29.9. um\u00a019 Uhr 20.<\/span><br \/>\n<span style=\"color: #000000;\"> <strong>Kopfproblem<\/strong> auf Radio Blau am 3.10. um 16 Uhr.<\/span><br \/>\n<span style=\"color: #000000;\"><strong>La vie en rose &#8211; Vom Leben und \u00dcberleben in Paris<\/strong>\u00a0 (Langfassung) auf detektor.fm\u00a0am 20.12. um\u00a018 Uhr.<\/span><\/td>\n<\/tr>\n<\/tbody>\n<\/table>\n<p><span style=\"color: #000000;\">___________________<\/span><\/p>\n<p><span style=\"color: #000000;\">2014<\/span><\/p>\n<p><span style=\"color: #000000;\">H\u00f6rspiel-Stipendium der Film- und Medienstiftung NRW.<\/span><\/p>\n<table width=\"644\" cellspacing=\"0\" cellpadding=\"8\">\n<colgroup>\n<col width=\"626\" \/> <\/colgroup>\n<tbody>\n<tr>\n<td bgcolor=\"#d8d7cb\" width=\"626\">\n<p class=\"western\"><span style=\"color: #000000;\">Rundfunksendungen:<\/span><\/p>\n<p><span style=\"color: #000000;\"><strong>Gel\u00f6st, entspannt und locker<\/strong> auf Radio Blau am 17.5. um 16 Uhr<\/span><br \/>\n<span style=\"color: #000000;\"> <strong>La vie en rose &#8211; Vom Leben und \u00dcberleben in Paris<\/strong>\u00a0 (Serie in 8 Teilen) auf Deutschlandradio Kultur &#8222;Echtzeit&#8220; am 16., 23., 30. August, 6., 13., 20., 27. September, 4. Oktober 2014 jeweils 16 Uhr 55.<\/span><\/td>\n<\/tr>\n<\/tbody>\n<\/table>\n<p class=\"western\"><span style=\"color: #000000;\">________________<\/span><\/p>\n<p class=\"western\"><span style=\"color: #000000;\">2013<\/span><\/p>\n<table width=\"558\" cellspacing=\"0\" cellpadding=\"8\">\n<colgroup>\n<col width=\"540\" \/> <\/colgroup>\n<tbody>\n<tr>\n<td bgcolor=\"#d8d7cb\" width=\"540\">\n<p class=\"western\"><span style=\"color: #000000;\">Rundfunksendungen:<\/span><\/p>\n<p><span style=\"color: #000000;\"><strong>Kopfproblem<\/strong> auf swr 2 Tandem am 15.1. um 19 Uhr 20<\/span><br \/>\n<span style=\"color: #000000;\"> <strong>Versteh ich nicht<\/strong> auf swr 2 Mehrspur am 24.3. um 19 Uhr 30<\/span><br \/>\n<span style=\"color: #000000;\"> <strong>Einparken<\/strong> auf swr 2 Mehrspur am 28.7. um 19 Uhr 30<\/span><br \/>\n<span style=\"color: #000000;\"> <strong>Akkordeonistenvernichtung<\/strong> auf Deutschlandradio &#8222;Kurzstrecke&#8220; am 30.12. um 00 Uhr 05<\/span><\/td>\n<\/tr>\n<\/tbody>\n<\/table>\n<p class=\"western\"><span style=\"color: #000000;\">________________<\/span><\/p>\n<p class=\"western\"><span style=\"color: #000000;\">2012<\/span><\/p>\n<p class=\"western\"><span style=\"color: #000000;\"><strong>Akkordeonistenvernichtung<\/strong> im Finale des Kurzh\u00f6rspielwettbewerbs track&#8216; 5 des ORF.<\/span><br \/>\n<span style=\"color: #000000;\"> <strong>Salzwasser<\/strong> ist f\u00fcr den Kurzh\u00f6rspielpreis des Berliner H\u00f6rspielfestivals nominiert.<\/span><br \/>\n<span style=\"color: #000000;\"><strong> Kopfproblem<\/strong> ist f\u00fcr den ARD-Preis &#8222;Premiere im Netz&#8220; nominert.<\/span><\/p>\n<table width=\"555\" cellspacing=\"0\" cellpadding=\"8\">\n<colgroup>\n<col width=\"537\" \/> <\/colgroup>\n<tbody>\n<tr>\n<td bgcolor=\"#d8d7cb\" width=\"537\">\n<p class=\"western\"><span style=\"color: #000000;\">Rundfunksendungen:<\/span><\/p>\n<p><span style=\"color: #000000;\"><strong>Salzwasser<\/strong> auf swr 2 Tandem am 10.1. um 19 Uhr 20<\/span><br \/>\n<span style=\"color: #000000;\"> <strong>Leben und leben lassen<\/strong> (33-Minuten-Fassung) auf swr 2 Tandem am 13.3. um 19 Uhr 20<\/span><br \/>\n<span style=\"color: #000000;\"> <strong>Hundelebensberatung<\/strong> auf HR 2 am 28.10. um 14 Uhr 05<\/span><\/td>\n<\/tr>\n<\/tbody>\n<\/table>\n<p class=\"western\"><span style=\"color: #000000;\">________________<\/span><\/p>\n<p class=\"western\"><span style=\"color: #000000;\">2011<\/span><\/p>\n<p><span style=\"color: #000000;\"><strong>M\u00e4rchen<\/strong> im Finale des Kurzh\u00f6rspielwettbewerbs track&#8216; 5 des ORF.<\/span><br \/>\n<span style=\"color: #000000;\"> <strong>Hundelebensberatung<\/strong> auf CD-Beilage des Buches &#8222;H\u00f6rspielpl\u00e4tze &#8211; Positionen zur Radiokunst&#8220;, Verlag Voland &amp; Quist.<\/span><br \/>\n<span style=\"color: #000000;\"> <strong>Leben und leben lassen<\/strong> Urauff\u00fchrung im Abendprogramm des Leipziger H\u00f6rspielsommers (11.7.).<\/span><br \/>\n<span style=\"color: #000000;\"> <strong>Salzwasser<\/strong> ist f\u00fcr den ARD-H\u00f6rspielpreis &#8222;Premiere im Netz&#8220; nominiert.<\/span><\/p>\n<table width=\"401\" cellspacing=\"0\" cellpadding=\"8\">\n<colgroup>\n<col width=\"383\" \/> <\/colgroup>\n<tbody>\n<tr>\n<td bgcolor=\"#d8d7cb\" width=\"383\">\n<p class=\"western\"><span style=\"color: #000000;\">Rundfunksendungen:<\/span><\/p>\n<p><span style=\"color: #000000;\"><strong>Hundelebensberatung<\/strong> auf Alex 88,4 Berlin am 15.5. um 17 Uhr<\/span><br \/>\n<span style=\"color: #000000;\"> <strong>Deutsche Zuverl\u00e4ssigkeit<\/strong>\u00a0swr2 Mehrspur<\/span><\/td>\n<\/tr>\n<\/tbody>\n<\/table>\n<p class=\"western\"><span style=\"color: #000000;\">________________<\/span><\/p>\n<p><span style=\"color: #000000;\">2010<\/span><\/p>\n<p><span style=\"color: #000000;\">Vortrag beim Rendsburger H\u00f6rspielsymposion &#8211; Das Komische in H\u00f6rspiel, Feature und Radiokunst. Die Referenten waren: Mariannick Bellot &amp; Christophe Rault, Thomas Kapielski, Wolfgang M\u00fcller, Matthias Schamp, Katharina Bihler (The Liquid Penguin Ensemble), Tom Heithoff, Stefano Giannotti, Rolf Cantzen, Philippe Bruehl und Frank Kaspar.<\/span><br \/>\n<span style=\"color: #000000;\"> Thema meines Werkstattgespr\u00e4chs (mit H\u00f6rbeispielen): <strong>Komische Chancen und Risiken\u00a0der Improvisation<\/strong>.<\/span><br \/>\n<span style=\"color: #000000;\"> Dokumentarfilm \u00fcber meine Arbeit von Thomas Schumacher (21 Minuten)<u><\/u><\/span><\/p>\n<table width=\"644\" cellspacing=\"0\" cellpadding=\"8\">\n<colgroup>\n<col width=\"626\" \/> <\/colgroup>\n<tbody>\n<tr>\n<td bgcolor=\"#d8d7cb\" width=\"626\">\n<p class=\"western\"><span style=\"color: #000000;\">Rundfunksendungen:<\/span><\/p>\n<p><span style=\"color: #000000;\"><strong>Hundelebensberatung<\/strong> auf Deutschlandradio Kultur (Ursendung) am 15.2. 2010 um 0 Uhr 05 <strong>Hundelebensberatung<\/strong> auf DLR Wissen am 20.2. um 15 Uhr 05<\/span><br \/>\n<span style=\"color: #000000;\"> <strong>Wird schon wieder<\/strong> auf SWR 2 Mehrspur am 10.3. 2010 um 22 Uhr 05<\/span><br \/>\n<span style=\"color: #000000;\"> <strong>Hundelebensberatung<\/strong> auf Radio Frei am 17.6. um 11 Uhr.<\/span><br \/>\n<span style=\"color: #000000;\"> <strong>Hundelebensberatung<\/strong> (vom Autor gek\u00fcrzte Fassung) auf SWR 2 Dschungel am 20.7.- 19 Uhr 20<\/span><br \/>\n<span style=\"color: #000000;\"> <strong>Polizei<\/strong> am 9.9. auf SWR 2 Dschungel um 19 Uhr 20<\/span><br \/>\n<span style=\"color: #000000;\"> <strong>Hundelebensberatung<\/strong> auf SR 2 am 4.11. um 18 Uhr<\/span><br \/>\n<span style=\"color: #000000;\"> <strong>Hundelebensberatung<\/strong> auf WDR 1 live am 9.11. um 23 Uhr<\/span><\/td>\n<\/tr>\n<\/tbody>\n<\/table>\n<p class=\"western\"><span style=\"color: #000000;\">________________<\/span><\/p>\n<p class=\"western\"><span style=\"color: #000000;\">2009<\/span><\/p>\n<p><span style=\"color: #000000;\"><strong>Dreck<\/strong> gewann den 1. Preis beim H\u00f6rspielwettbewerb track&#8216;\u00a05 des ORF.<\/span><br \/>\n<span style=\"color: #000000;\"> <strong>Hundelebensberatung<\/strong> gewann den 1. Preis des Leipziger H\u00f6rspielsommers (Kategorie Beste Geschichte) sowie den 1. Preis f\u00fcr das beste Langh\u00f6rspiel beim Berliner H\u00f6rspielfestival<\/span><\/p>\n<table width=\"600\" cellspacing=\"0\" cellpadding=\"8\">\n<colgroup>\n<col width=\"582\" \/> <\/colgroup>\n<tbody>\n<tr>\n<td bgcolor=\"#d8d7cb\" width=\"582\">\n<p class=\"western\"><span style=\"color: #000000;\">Rundfunksendungen:<\/span><\/p>\n<p><span style=\"color: #000000;\"><strong>Frau am Schreibtisch<\/strong> (entstanden aus \u201eEin perfektes Paar) auf Bayern 2 am 20.2. um 20 Uhr 30<\/span><br \/>\n<span style=\"color: #000000;\"> <strong>Dreck<\/strong> auf ORF1 am 3.3. 2009 um 21 Uhr<\/span><br \/>\n<span style=\"color: #000000;\"> <strong>Scholle gibt einen Rat<\/strong> auf SWR 2 Mehrspur am 4.3. 2009 um 22 Uhr 05<\/span><br \/>\n<span style=\"color: #000000;\"> <strong>Die Wahl der Qual<\/strong> auf SWR 2 Mehrspur am 8.7.2009 um 22 Uhr 05<\/span><br \/>\n<span style=\"color: #000000;\"> <strong>Wendewinde<\/strong> auf SWR 2 Mehrspur am 4.11.2009 um 22 Uhr 05<\/span><br \/>\n<span style=\"color: #000000;\"> <strong>Hundelebensberatung<\/strong> (Ausschnitt) auf MDR Figaro am 30.11.2009 um 22 Uhr 05<\/span><\/td>\n<\/tr>\n<\/tbody>\n<\/table>\n<p class=\"western\"><span style=\"color: #000000;\">________________<\/span><\/p>\n<p><span style=\"color: #000000;\">2008<\/span><\/p>\n<p class=\"western\"><span style=\"color: #000000;\">Co-Regie und Musik f\u00fcr den Kinder-Audioguide zur Ausstellung Impressionistinnen in der Kunsthalle Schirn, Frankfurt.<\/span><br \/>\n<span style=\"color: #000000;\"> <strong>Dom<\/strong> im Finale des orf-Kurzh\u00f6rspielwettbewerbs track 5&#8242;.<\/span><br \/>\n<span style=\"color: #000000;\"> <strong>Ganz neue M\u00e4nner<\/strong> gewann den 2. Preis beim Berliner H\u00f6rspielfestival.<\/span><br \/>\n<span style=\"color: #000000;\"> <strong>Gel\u00f6st, entspannt und locker<\/strong> erschien im Mairisch Verlag auf der CD Pressplay 2.<\/span><\/p>\n<table width=\"437\" cellspacing=\"0\" cellpadding=\"8\">\n<colgroup>\n<col width=\"419\" \/> <\/colgroup>\n<tbody>\n<tr>\n<td bgcolor=\"#d8d7cb\" width=\"419\">\n<p class=\"western\"><span style=\"color: #000000;\">Rundfunksendungen:<\/span><\/p>\n<p><span style=\"color: #000000;\">Ursendung von <strong>Gel\u00f6st, entspannt und locker<\/strong> und<\/span><br \/>\n<span style=\"color: #000000;\"> <strong>Idiot des Jahres<\/strong> am 22.1.2008 auf SWR 2 Dschungel um 22 Uhr 05<\/span><br \/>\n<span style=\"color: #000000;\"> <strong>Sch\u00f6ne Gr\u00fc\u00dfe, Euer W.<\/strong> auf SWR2 (Wdh.) 17.4.2008 um 22 Uhr 05<\/span><br \/>\n<span style=\"color: #000000;\"> <strong>Experimentaljogging<\/strong> auf SWR2 Mehrspur 3.7.2008 um 22 Uhr 05<\/span><br \/>\n<span style=\"color: #000000;\"> <strong>Urlaubswetter<\/strong> auf SWR2 Mehrspur am 17. 11. um 22 Uhr 05<\/span><br \/>\n<span style=\"color: #000000;\"> <strong>Kein Durchkommen<\/strong> auf SWR2 Mehrspur 17.11. um 22 Uhr 05<\/span><br \/>\n<span style=\"color: #000000;\"> <strong>Domstadtlandschaftslabyrinth<\/strong> auf Bayern 2 am 28.11. um 20 Uhr 30<\/span><\/td>\n<\/tr>\n<\/tbody>\n<\/table>\n<p><span style=\"color: #000000;\">________________<\/span><\/p>\n<p><span style=\"color: #000000;\">2007<\/span><\/p>\n<p><span style=\"color: #000000;\"><strong>Gel\u00f6st, entspannt und locker<\/strong> gewann den 1. Preis beim Internationalen H\u00f6rspielwettbewerb der Leipziger Buchmesse.<\/span><br \/>\n<span style=\"color: #000000;\"> Regiekurs bei Leonhard Koppelmann im wdr.<\/span><br \/>\n<span style=\"color: #000000;\"> <strong>Idiot des Jahres<\/strong>\u00a0 wurde\u00a0 f\u00fcr den ARD-H\u00f6rspielpreis &#8222;Premiere im Netz&#8220; nominiert.<\/span><\/p>\n<table width=\"541\" cellspacing=\"0\" cellpadding=\"8\">\n<colgroup>\n<col width=\"523\" \/> <\/colgroup>\n<tbody>\n<tr>\n<td bgcolor=\"#d8d7cb\" width=\"523\">\n<p class=\"western\"><span style=\"color: #000000;\">Rundfunksendungen:<\/span><\/p>\n<p><span style=\"color: #000000;\"><strong>Polizei<\/strong> im Kulturradio (RBB) am 4.1.2007 (14 Uhr 10)<\/span><br \/>\n<span style=\"color: #000000;\"> <strong>Frau Schruppke<\/strong> auf SWR 2 am 8.3.2007 (22 Uhr)<\/span><br \/>\n<span style=\"color: #000000;\"> <strong>Geschirrsp\u00fclmittel<\/strong> auf SWR 2 am 15.3.2007 (22 Uhr)<\/span><br \/>\n<span style=\"color: #000000;\"> <strong>Sch\u00f6ne Gr\u00fc\u00dfe, Euer W.<\/strong> (Ausschnitt) auf DLR Kultur, 7.5.2007 um 0 Uhr 05 Ursendung<\/span><br \/>\n<span style=\"color: #000000;\"> <strong>Schlaf, W\u00e4rter, schlaf<\/strong> auf Bayern 2 am 7.9. um 20 Uhr 30 (H\u00f6rspielArtmix)<\/span><\/td>\n<\/tr>\n<\/tbody>\n<\/table>\n<p><span style=\"color: #000000;\">_______________<\/span><\/p>\n<p><span style=\"color: #000000;\">2006<\/span><\/p>\n<p><span style=\"color: #000000;\"><strong>Sch\u00f6ne Gr\u00fc\u00dfe, Euer W.<\/strong> erschien auf der CD\u00a0Pressplay &#8211; Anthologie der freien H\u00f6rspielszene, Mairisch Verlag Hamburg.<\/span><br \/>\n<span style=\"color: #000000;\"> Urauff\u00fchrung\u00a0 <strong>Geschirrsp\u00fclmittel<\/strong> im Finale des ORF-Wettbewerbs &#8222;Track 5&#8220; im Klangtheater des ORF-Funkhauses Wien (10.3.06)<\/span><br \/>\n<span style=\"color: #000000;\"> <strong>Ein perfektes Paar<\/strong> im Finale des Leipziger H\u00f6rspielsommers<\/span><\/p>\n<table width=\"623\" cellspacing=\"0\" cellpadding=\"8\">\n<colgroup>\n<col width=\"605\" \/> <\/colgroup>\n<tbody>\n<tr>\n<td bgcolor=\"#d8d7cb\" width=\"605\">\n<p class=\"western\"><span style=\"color: #000000;\">Rundfunksendungen:<\/span><\/p>\n<p><span style=\"color: #000000;\">Kurzfeature <strong>Jahrmarktsbellen<\/strong> (Ausschnitt) auf SWR2 am 5.2. 2006 in: Radio Art Feature (18 Uhr 30)<\/span><br \/>\n<span style=\"color: #000000;\"> Ursendung <strong>Geschirrsp\u00fclmittel<\/strong> auf ORF1 am 29.4.2006 (14 Uhr 05)<\/span><br \/>\n<span style=\"color: #000000;\"> <strong>Sch\u00f6ne Gr\u00fc\u00dfe, Euer W.<\/strong> auf SWR2 am 2.6. 2006 (14 Uhr 05)<\/span><br \/>\n<span style=\"color: #000000;\"> Ursendung <strong>Zu hei\u00df gebadet<\/strong> auf SWR2 am 21.7.2006 (14 Uhr 05)<\/span><br \/>\n<span style=\"color: #000000;\"> <strong>Zu hei\u00df gebadet<\/strong>\u00a0 auf ORF1 am 30.7.2006 (23 Uhr 05)<\/span><\/td>\n<\/tr>\n<\/tbody>\n<\/table>\n<p><span style=\"color: #000000;\">________________<\/span><\/p>\n<p><span style=\"color: #000000;\">2005<\/span><\/p>\n<p><span style=\"color: #000000;\">H\u00f6rspiel <strong>Taxi<\/strong> beim H\u00f6rkunstfestival &#8218;H\u00f6r-Zu&#8216; im Jungen Theater Bremen am 12.2.2005.<\/span><br \/>\n<span style=\"color: #000000;\"> Kurzh\u00f6rspiel <strong>Polizei<\/strong> bei der H\u00f6rspielveranstaltung &#8222;Mith\u00f6ren&#8220; in zeitraumexit &#8211; B\u00fcro f\u00fcr Kunst Mannheim (5.2.2005).<\/span><br \/>\n<span style=\"color: #000000;\"> H\u00f6rspiel <strong>Flugzeug<\/strong> in der &#8222;Langen Nacht des H\u00f6rspiels&#8220; am 25.2.2005 im Klangtheater des ORF-Funkhauses Wien uraufgef\u00fchrt.<\/span><\/p>\n<table width=\"644\" cellspacing=\"0\" cellpadding=\"8\">\n<colgroup>\n<col width=\"626\" \/> <\/colgroup>\n<tbody>\n<tr>\n<td bgcolor=\"#d8d7cb\" width=\"626\">\n<p class=\"western\"><span style=\"color: #000000;\">Rundfunksendungen:<\/span><\/p>\n<p><span style=\"color: #000000;\">Ursendung <strong>Taxi<\/strong> am 3.1.2005 (00:05 Uhr) im Deutschlandradio.<\/span><br \/>\n<span style=\"color: #000000;\"> <strong>Taxi<\/strong> bei Radio Bremen\/Nordwestradio am 14.1.2005 (22 Uhr).<\/span><br \/>\n<span style=\"color: #000000;\"> Ursendung <strong>Wer nicht fragt, der nicht gewinnt<\/strong> im Kulturradio (RBB) am 28.2.2005 (13 Uhr 15). Ursendung <strong>Polizei<\/strong> im Kulturradio (RBB) am 4.3. 2005 (13 Uhr 15).<\/span><br \/>\n<span style=\"color: #000000;\"> Ursendung <strong>Flugzeug<\/strong> auf ORF 1 am 26.3.2005 (14 Uhr).<\/span><br \/>\n<span style=\"color: #000000;\"> Ursendung <strong>Frau Schruppke<\/strong> auf ORF 1 am 26.3.2005 (14 Uhr)<\/span><br \/>\n<span style=\"color: #000000;\"> Ursendung <strong>Sch\u00f6ne Gr\u00fc\u00dfe, Euer W.<\/strong> auf ORF 1 am 9.4.2005 (14 Uhr).<\/span><br \/>\n<span style=\"color: #000000;\"> <strong>Polizei<\/strong> auf SWR 2 am 13.5.2005 (14 Uhr 05).<\/span><br \/>\n<span style=\"color: #000000;\"> Ursendung Kurzfeature <strong>Jahrmarktsbellen<\/strong> (5-Minutenversion) auf SWR 2 am 9.12.2005 (14 Uhr 05).<\/span><\/td>\n<\/tr>\n<\/tbody>\n<\/table>\n<p class=\"western\"><span style=\"color: #000000;\">________________<\/span><\/p>\n<p><span style=\"color: #000000;\">2004<\/span><\/p>\n<p><span style=\"color: #000000;\"><strong>Taxi<\/strong> gewann den 2. Preis beim PLOPP! Award in der Berliner Akademie der K\u00fcnste.<\/span><br \/>\n<span style=\"color: #000000;\"> Theatermusik f\u00fcr den &#8222;Faust&#8220; von Stein &amp; Sturm (Dominik Stein und Timo Sturm) im Berliner Tacheles (Goldener Saal) und im Theater Hans Wurst Nachfahren.<\/span><\/p>\n","protected":false},"excerpt":{"rendered":"<p>2025 \u00a0 \u00a0 Rundfunksendungen: \u00a0 \u00a0 Hundelebensberatung \u00a0am 4.3. um 20 Uhr 10 im Deutschlandfunk \u00a0 \u00a0 Pyramidenkorrektur \u00a0am 1.7. um 20 Uhr 05 im Deutschlandfunk \u00a0 \u00a0 Dummrum \u00a0am 6.11. um 22 Uhr 05 im Deutschlandfunk Kultur\/ Freispiel ___________________ &nbsp; 2024 Rundfunksendungen: \u00a0 \u00a0 \u00a0 \u00a0 \u00a0 Pyramidenkorrektur\u00a0am 24. 11. um 17 Uhr 04&#8230;<\/p>\n","protected":false},"author":1,"featured_media":0,"parent":0,"menu_order":0,"comment_status":"closed","ping_status":"closed","template":"","meta":{"_kad_post_transparent":"","_kad_post_title":"","_kad_post_layout":"","_kad_post_sidebar_id":"","_kad_post_content_style":"","_kad_post_vertical_padding":"","_kad_post_feature":"","_kad_post_feature_position":"","_kad_post_header":false,"_kad_post_footer":false,"_kad_post_classname":"","footnotes":""},"class_list":["post-55","page","type-page","status-publish","hentry"],"_links":{"self":[{"href":"https:\/\/tomheithoff.de\/index.php?rest_route=\/wp\/v2\/pages\/55","targetHints":{"allow":["GET"]}}],"collection":[{"href":"https:\/\/tomheithoff.de\/index.php?rest_route=\/wp\/v2\/pages"}],"about":[{"href":"https:\/\/tomheithoff.de\/index.php?rest_route=\/wp\/v2\/types\/page"}],"author":[{"embeddable":true,"href":"https:\/\/tomheithoff.de\/index.php?rest_route=\/wp\/v2\/users\/1"}],"replies":[{"embeddable":true,"href":"https:\/\/tomheithoff.de\/index.php?rest_route=%2Fwp%2Fv2%2Fcomments&post=55"}],"version-history":[{"count":40,"href":"https:\/\/tomheithoff.de\/index.php?rest_route=\/wp\/v2\/pages\/55\/revisions"}],"predecessor-version":[{"id":1204,"href":"https:\/\/tomheithoff.de\/index.php?rest_route=\/wp\/v2\/pages\/55\/revisions\/1204"}],"wp:attachment":[{"href":"https:\/\/tomheithoff.de\/index.php?rest_route=%2Fwp%2Fv2%2Fmedia&parent=55"}],"curies":[{"name":"wp","href":"https:\/\/api.w.org\/{rel}","templated":true}]}}